{"id":288,"date":"2013-12-23T10:23:34","date_gmt":"2013-12-23T10:23:34","guid":{"rendered":"http:\/\/localhost\/wpnation\/?page_id=288"},"modified":"2021-09-30T09:35:24","modified_gmt":"2021-09-30T09:35:24","slug":"samfalligheten","status":"publish","type":"page","link":"https:\/\/www.rocasrojas.com\/index.php\/samfalligheten\/","title":{"rendered":"Samf\u00e4lligheten"},"content":{"rendered":"\n<p class=\"p1\">Samf\u00e4lligheten \u00e4r en spansk bostadsr\u00e4ttsf\u00f6rening och f\u00f6ljer den spanska lagen om horisontellt \u00e4gande genom fastst\u00e4llda stadgar.<\/p>\n\n\n\n<p class=\"p1\">Samf\u00e4lligheten sk\u00f6ter de gemensamma omr\u00e5den som finns inom den 140 000 kvm stora anl\u00e4ggningen, inkluderande icke kommunala v\u00e4gar, belysning och elektriskt ledningsn\u00e4t, vattenledningar, kulvertar, tr\u00e4dg\u00e5rdsanl\u00e4ggningar, pooler och sportanl\u00e4ggningar.&nbsp;Driften finansieras genom \u00e4garnas \u00e5rsavgifter<\/p>\n\n\n\n<p>Samf\u00e4lligheten hanterar s\u00e5ledes alla kostnader som \u00e4r n\u00f6dv\u00e4ndiga f\u00f6r att underh\u00e5lla och bevara dessa anl\u00e4ggningar och installationer. En platsansvarig leder den dagliga sk\u00f6tseln och driften tillsammans med avdelningarna administration, teknik och tr\u00e4dg\u00e5rd.<\/p>\n\n\n\n<div class=\"wp-block-image\"><figure class=\"alignleft\"><img loading=\"lazy\" decoding=\"async\" width=\"300\" height=\"200\" src=\"https:\/\/www.rocasrojas.com\/wp-content\/uploads\/2021\/09\/200-area-3-300x200.jpg\" alt=\"\" class=\"wp-image-648\" srcset=\"https:\/\/www.rocasrojas.com\/wp-content\/uploads\/2021\/09\/200-area-3-300x200.jpg 300w, https:\/\/www.rocasrojas.com\/wp-content\/uploads\/2021\/09\/200-area-3-768x512.jpg 768w, https:\/\/www.rocasrojas.com\/wp-content\/uploads\/2021\/09\/200-area-3-1024x683.jpg 1024w, https:\/\/www.rocasrojas.com\/wp-content\/uploads\/2021\/09\/200-area-3.jpg 1800w\" sizes=\"auto, (max-width: 300px) 85vw, 300px\" \/><\/figure><\/div>\n\n\n\n<p>Rocas Rojas \u00e4r uppdelad i sex olika omr\u00e5den d\u00e4r l\u00e4genheterna \u00e4r av olika storlek, fr\u00e5n 2 rum och pentry till 4 rum och k\u00f6k.<\/p>\n\n\n\n<p>Husen \u00e4r 1- eller 2-plan beroende  p\u00e5 vilket omr\u00e5de de \u00e4r placerade och har antingen terass eller balkong.<\/p>\n\n\n\n<p>\u00c4garen ansvarar enbart f\u00f6r huset\/l\u00e4genheten medan omgivningen sk\u00f6ts av samf\u00e4lligheten.<\/p>\n\n\n\n<p><\/p>\n","protected":false},"excerpt":{"rendered":"<p>Samf\u00e4lligheten \u00e4r en spansk bostadsr\u00e4ttsf\u00f6rening och f\u00f6ljer den spanska lagen om horisontellt \u00e4gande genom fastst\u00e4llda stadgar. Samf\u00e4lligheten sk\u00f6ter de gemensamma omr\u00e5den som finns inom den 140 000 kvm stora anl\u00e4ggningen, inkluderande icke kommunala v\u00e4gar, belysning och elektriskt ledningsn\u00e4t, vattenledningar, kulvertar, tr\u00e4dg\u00e5rdsanl\u00e4ggningar, pooler och sportanl\u00e4ggningar.&nbsp;Driften finansieras genom \u00e4garnas \u00e5rsavgifter Samf\u00e4lligheten hanterar s\u00e5ledes alla kostnader som \u00e4r &hellip; <a href=\"https:\/\/www.rocasrojas.com\/index.php\/samfalligheten\/\" class=\"more-link\">Continue reading<span class=\"screen-reader-text\"> &#8220;Samf\u00e4lligheten&#8221;<\/span><\/a><\/p>\n","protected":false},"author":1,"featured_media":0,"parent":0,"menu_order":0,"comment_status":"closed","ping_status":"open","template":"","meta":{"footnotes":""},"class_list":["post-288","page","type-page","status-publish","hentry"],"_links":{"self":[{"href":"https:\/\/www.rocasrojas.com\/index.php\/wp-json\/wp\/v2\/pages\/288","targetHints":{"allow":["GET"]}}],"collection":[{"href":"https:\/\/www.rocasrojas.com\/index.php\/wp-json\/wp\/v2\/pages"}],"about":[{"href":"https:\/\/www.rocasrojas.com\/index.php\/wp-json\/wp\/v2\/types\/page"}],"author":[{"embeddable":true,"href":"https:\/\/www.rocasrojas.com\/index.php\/wp-json\/wp\/v2\/users\/1"}],"replies":[{"embeddable":true,"href":"https:\/\/www.rocasrojas.com\/index.php\/wp-json\/wp\/v2\/comments?post=288"}],"version-history":[{"count":23,"href":"https:\/\/www.rocasrojas.com\/index.php\/wp-json\/wp\/v2\/pages\/288\/revisions"}],"predecessor-version":[{"id":930,"href":"https:\/\/www.rocasrojas.com\/index.php\/wp-json\/wp\/v2\/pages\/288\/revisions\/930"}],"wp:attachment":[{"href":"https:\/\/www.rocasrojas.com\/index.php\/wp-json\/wp\/v2\/media?parent=288"}],"curies":[{"name":"wp","href":"https:\/\/api.w.org\/{rel}","templated":true}]}}